{"id":10,"date":"2023-11-30T14:41:31","date_gmt":"2023-11-30T14:41:31","guid":{"rendered":"https:\/\/www.equipare.com\/?page_id=10"},"modified":"2024-03-25T11:10:39","modified_gmt":"2024-03-25T11:10:39","slug":"equipare","status":"publish","type":"page","link":"https:\/\/www.equipare.com\/eu\/","title":{"rendered":"Equipare"},"content":{"rendered":"<p>[et_pb_section fb_built=\u00bb1&#8243; _builder_version=\u00bb4.24.2&#8243; _module_preset=\u00bbdefault\u00bb background_color=\u00bbgcid-2f586ed0-d58a-4677-a7b7-83e9cd68d9f5&#8243; background_image=\u00bbhttps:\/\/www.equipare.com\/wp-content\/uploads\/2024\/03\/equipare_paralax-3.png\u00bb parallax=\u00bbon\u00bb parallax_method=\u00bboff\u00bb background_enable_video_mp4=\u00bboff\u00bb bottom_divider_color=\u00bbgcid-dae043d7-6ec3-4856-bf58-aa7314372224&#8243; global_colors_info=\u00bb{%22gcid-dae043d7-6ec3-4856-bf58-aa7314372224%22:%91%22bottom_divider_color%22,%22background_color_gradient_stops%22%93,%22gcid-2f586ed0-d58a-4677-a7b7-83e9cd68d9f5%22:%91%22background_color_gradient_stops%22,%22background_color%22%93}\u00bb custom_padding__hover_enabled=\u00bboff|desktop\u00bb][et_pb_row _builder_version=\u00bb4.24.0&#8243; _module_preset=\u00bbdefault\u00bb custom_padding=\u00bb|10%||10%|false|true\u00bb animation_style=\u00bbfade\u00bb global_colors_info=\u00bb{}\u00bb][et_pb_column type=\u00bb4_4&#8243; _builder_version=\u00bb4.24.0&#8243; _module_preset=\u00bbdefault\u00bb global_colors_info=\u00bb{}\u00bb][et_pb_image src=\u00bbhttps:\/\/www.equipare.com\/wp-content\/uploads\/2023\/12\/equipare_animacion.png\u00bb title_text=\u00bbequipare_animacion\u00bb _builder_version=\u00bb4.24.0&#8243; _module_preset=\u00bbdefault\u00bb max_height=\u00bb12vw\u00bb custom_margin=\u00bb||-10px||false|false\u00bb animation_style=\u00bbslide\u00bb animation_direction=\u00bbtop\u00bb animation_intensity_slide=\u00bb10%\u00bb scroll_vertical_motion=\u00bb54|69|69|100|4|0|-4&#8243; scroll_scaling=\u00bb0|0|0|100|70|100|100&#8243; global_colors_info=\u00bb{}\u00bb][\/et_pb_image][et_pb_text _builder_version=\u00bb4.24.0&#8243; _module_preset=\u00bbdefault\u00bb header_font=\u00bbequipare|700|||||||\u00bb header_font_size=\u00bb5vw\u00bb header_2_font_size=\u00bb18px\u00bb header_2_line_height=\u00bb1.1em\u00bb custom_margin=\u00bb10px||4px||false|false\u00bb animation_style=\u00bbfade\u00bb animation_direction=\u00bbtop\u00bb animation_delay=\u00bb400ms\u00bb header_font_size_tablet=\u00bb49px\u00bb header_font_size_last_edited=\u00bboff|tablet\u00bb global_colors_info=\u00bb{}\u00bb]<\/p>\n<h1>equipare<\/h1>\n<p>[\/et_pb_text][et_pb_text _builder_version=\u00bb4.24.0&#8243; _module_preset=\u00bbdefault\u00bb header_2_font=\u00bb|500|||||||\u00bb header_2_text_align=\u00bbleft\u00bb header_2_font_size=\u00bb22px\u00bb animation_style=\u00bbfade\u00bb animation_direction=\u00bbleft\u00bb scroll_vertical_motion=\u00bb0|50|50|100|0|0|2&#8243; global_colors_info=\u00bb{}\u00bb]<\/p>\n<h2>Berdintasunaren arloan aholkuak ematen ditugu, eta aldaketa-prozesuetan laguntzen dugu begirada feminista baliatuta.<\/h2>\n<p>[\/et_pb_text][et_pb_text _builder_version=\u00bb4.24.0&#8243; _module_preset=\u00bbdefault\u00bb text_text_color=\u00bbgcid-dae043d7-6ec3-4856-bf58-aa7314372224&#8243; header_2_text_color=\u00bb#000000&#8243; header_2_font_size=\u00bb18px\u00bb header_2_line_height=\u00bb1.1em\u00bb animation_style=\u00bbslide\u00bb animation_direction=\u00bbleft\u00bb animation_intensity_slide=\u00bb5%\u00bb scroll_horizontal_motion=\u00bb0|94|94|100|4|0|-4&#8243; global_colors_info=\u00bb{%22gcid-dae043d7-6ec3-4856-bf58-aa7314372224%22:%91%22text_text_color%22%93}\u00bb]<\/p>\n<p>Administrazio publikoei, GGKE-ei, hirugarren sektoreko erakundeei edo enpresak laguntzen, aholkatzen eta trebatzen ditugu feminismoarekin, berdintasunarekin, partaidetzarekin eta garapenerako kooperazioarekin zerikusia duten proiektuetan.<\/p>\n<p>[\/et_pb_text][\/et_pb_column][\/et_pb_row][et_pb_row column_structure=\u00bb1_3,1_3,1_3&#8243; use_custom_gutter=\u00bbon\u00bb gutter_width=\u00bb1&#8243; make_equal=\u00bbon\u00bb _builder_version=\u00bb4.24.0&#8243; _module_preset=\u00bbdefault\u00bb custom_padding=\u00bb|10%||10%|false|true\u00bb global_colors_info=\u00bb{}\u00bb][et_pb_column type=\u00bb1_3&#8243; _builder_version=\u00bb4.24.0&#8243; _module_preset=\u00bbdefault\u00bb custom_padding=\u00bb0px|0px|0px|0px|false|false\u00bb global_colors_info=\u00bb{}\u00bb][et_pb_text _builder_version=\u00bb4.24.2&#8243; _module_preset=\u00bb44983342-8303-48a2-ad44-64f95546f2be\u00bb hover_enabled=\u00bb0&#8243; global_colors_info=\u00bb{%22gcid-dae043d7-6ec3-4856-bf58-aa7314372224%22:%91%22border_color_all%22%93}\u00bb sticky_enabled=\u00bb0&#8243;]<\/p>\n<p>Partaidetza<\/p>\n<p>[\/et_pb_text][\/et_pb_column][et_pb_column type=\u00bb1_3&#8243; _builder_version=\u00bb4.24.0&#8243; _module_preset=\u00bbdefault\u00bb custom_padding=\u00bb0px|0px|0px|0px|false|false\u00bb global_colors_info=\u00bb{}\u00bb][et_pb_text _builder_version=\u00bb4.24.0&#8243; _module_preset=\u00bb44983342-8303-48a2-ad44-64f95546f2be\u00bb custom_margin=\u00bb|-5%||-5%|false|false\u00bb custom_margin_tablet=\u00bb-2%||-2%|0%|true|false\u00bb custom_margin_phone=\u00bb-3%||-3%|0%|true|false\u00bb custom_margin_last_edited=\u00bbon|phone\u00bb global_colors_info=\u00bb{%22gcid-dae043d7-6ec3-4856-bf58-aa7314372224%22:%91%22border_color_all%22%93}\u00bb]<\/p>\n<p>Feminismoak eta berdintasuna<\/p>\n<p>[\/et_pb_text][\/et_pb_column][et_pb_column type=\u00bb1_3&#8243; _builder_version=\u00bb4.24.0&#8243; _module_preset=\u00bbdefault\u00bb custom_padding=\u00bb0px|0px|0px|0px|false|false\u00bb global_colors_info=\u00bb{}\u00bb][et_pb_text _builder_version=\u00bb4.24.0&#8243; _module_preset=\u00bb44983342-8303-48a2-ad44-64f95546f2be\u00bb custom_margin=\u00bb|||-10%|false|false\u00bb custom_margin_tablet=\u00bb|||0%|false|false\u00bb custom_margin_phone=\u00bb|||0%|false|false\u00bb custom_margin_last_edited=\u00bbon|tablet\u00bb global_colors_info=\u00bb{%22gcid-dae043d7-6ec3-4856-bf58-aa7314372224%22:%91%22border_color_all%22%93}\u00bb]<\/p>\n<p>Garapenerako kooperazioa<\/p>\n<p>[\/et_pb_text][\/et_pb_column][\/et_pb_row][\/et_pb_section][et_pb_section fb_built=\u00bb1&#8243; module_id=\u00bbquienes_somos\u00bb _builder_version=\u00bb4.24.0&#8243; _module_preset=\u00bbdefault\u00bb custom_padding=\u00bb40px||||false|false\u00bb global_colors_info=\u00bb{}\u00bb][et_pb_row _builder_version=\u00bb4.24.0&#8243; _module_preset=\u00bbdefault\u00bb animation_style=\u00bbfade\u00bb global_colors_info=\u00bb{}\u00bb][et_pb_column type=\u00bb4_4&#8243; _builder_version=\u00bb4.24.0&#8243; _module_preset=\u00bbdefault\u00bb custom_padding=\u00bb|20%||20%|false|true\u00bb global_colors_info=\u00bb{}\u00bb][et_pb_text _builder_version=\u00bb4.24.0&#8243; _module_preset=\u00bbdefault\u00bb header_text_align=\u00bbright\u00bb header_text_color=\u00bbgcid-dae043d7-6ec3-4856-bf58-aa7314372224&#8243; header_2_text_align=\u00bbcenter\u00bb header_2_text_color=\u00bbgcid-dae043d7-6ec3-4856-bf58-aa7314372224&#8243; custom_margin=\u00bb0px||0px||true|false\u00bb custom_padding=\u00bb0px||0px||true|false\u00bb animation_style=\u00bbslide\u00bb animation_direction=\u00bbbottom\u00bb animation_delay=\u00bb400ms\u00bb animation_delay_tablet=\u00bb400ms\u00bb animation_delay_phone=\u00bb400ms\u00bb animation_delay_last_edited=\u00bbon|desktop\u00bb global_colors_info=\u00bb{%22gcid-dae043d7-6ec3-4856-bf58-aa7314372224%22:%91%22header_text_color%22,%22header_2_text_color%22%93}\u00bb]<\/p>\n<h2>Nor gara<\/h2>\n<p>[\/et_pb_text][et_pb_text _builder_version=\u00bb4.24.0&#8243; _module_preset=\u00bbdefault\u00bb text_text_color=\u00bbgcid-dae043d7-6ec3-4856-bf58-aa7314372224&#8243; header_2_text_color=\u00bb#000000&#8243; header_2_font_size=\u00bb18px\u00bb header_2_line_height=\u00bb1.1em\u00bb animation_direction=\u00bbleft\u00bb scroll_horizontal_motion=\u00bb0|94|94|100|4|0|-4&#8243; global_colors_info=\u00bb{%22gcid-dae043d7-6ec3-4856-bf58-aa7314372224%22:%91%22text_text_color%22%93}\u00bb]<\/p>\n<p>Gizarte-ekimeneko kooperatiba txiki bat gara, 2012. urtean eratuta. Hasieratik gaude REAS EUSKADI sarean (Ekonomia Alternatibo eta Solidarioaren Sarea), eta sare honetako erakundeekin balioak eta jardunbideak partekatzen ditugu; hala nola, pertsonen ongizatea, ingurumen-jasangarritasuna eta ingurunearekin eta erkidegoarekin konpromisoa sustatzea.\u00a0<\/p>\n<p>[\/et_pb_text][et_pb_toggle title=\u00bbLeer m\u00e1s\u00bb open_toggle_text_color=\u00bb#FFFFFF\u00bb open_toggle_background_color=\u00bbRGBA(255,255,255,0)\u00bb closed_toggle_text_color=\u00bbgcid-dae043d7-6ec3-4856-bf58-aa7314372224&#8243; closed_toggle_background_color=\u00bbRGBA(255,255,255,0)\u00bb icon_color=\u00bbgcid-dae043d7-6ec3-4856-bf58-aa7314372224&#8243; toggle_icon=\u00bb&#x43;||divi||400&#8243; use_icon_font_size=\u00bbon\u00bb icon_font_size=\u00bb45px\u00bb open_icon_color=\u00bbgcid-dae043d7-6ec3-4856-bf58-aa7314372224&#8243; open_toggle_icon=\u00bb&#x42;||divi||400&#8243; open_use_icon_font_size=\u00bbon\u00bb open_icon_font_size=\u00bb45px\u00bb _builder_version=\u00bb4.24.0&#8243; _module_preset=\u00bbdefault\u00bb title_text_color=\u00bbgcid-dae043d7-6ec3-4856-bf58-aa7314372224&#8243; title_level=\u00bbh2&#8243; title_font_size=\u00bb20px\u00bb body_text_color=\u00bbgcid-dae043d7-6ec3-4856-bf58-aa7314372224&#8243; body_font_size=\u00bb16px\u00bb custom_margin=\u00bb10px|0px|0px|0px|false|false\u00bb custom_padding=\u00bb0px|0px|0px|0px|false|false\u00bb border_width_all=\u00bb0px\u00bb border_width_bottom=\u00bb2px\u00bb border_color_bottom=\u00bb#FFFFFF\u00bb global_colors_info=\u00bb{%22gcid-dae043d7-6ec3-4856-bf58-aa7314372224%22:%91%22title_text_color%22,%22icon_color%22,%22open_icon_color%22,%22closed_toggle_text_color%22,%22body_text_color%22%93}\u00bb]<\/p>\n<p>Emakumeen eta gizonen berdintasunaren arloan laguntza teknikoa emateko EMAKUNDE-Emakumearen Euskal Institutuak homologatutako erakundea gara.<\/p>\n<p>Gaur egun Equipare taldea 3 pertsonek osatzen dugu: Zuri\u00f1e Burgoa, Iratxe Braceras eta Eva Saenz de Ugarte.\u00a0<\/p>\n<p>Berariazko trebakuntza dugu berdintasunaren, partaidetza eta fazilitazioaren, kooperazioaren eta taldeen coachingaren arloetan.<\/p>\n<p>[\/et_pb_toggle][\/et_pb_column][\/et_pb_row][\/et_pb_section][et_pb_section fb_built=\u00bb1&#8243; module_id=\u00bbque_hacemos\u00bb _builder_version=\u00bb4.24.0&#8243; _module_preset=\u00bbdefault\u00bb custom_padding=\u00bb||40px||false|false\u00bb global_colors_info=\u00bb{}\u00bb][et_pb_row _builder_version=\u00bb4.23.1&#8243; _module_preset=\u00bbdefault\u00bb global_colors_info=\u00bb{}\u00bb][et_pb_column type=\u00bb4_4&#8243; _builder_version=\u00bb4.23.1&#8243; _module_preset=\u00bbdefault\u00bb global_colors_info=\u00bb{}\u00bb][et_pb_text _builder_version=\u00bb4.24.0&#8243; _module_preset=\u00bb9005f7c2-c216-456a-9686-c2c48e86cc24&#8243; header_2_text_color=\u00bbgcid-dae043d7-6ec3-4856-bf58-aa7314372224&#8243; custom_margin=\u00bb0px||0px||true|false\u00bb custom_padding=\u00bb0px||0px||true|false\u00bb global_colors_info=\u00bb{%22gcid-dae043d7-6ec3-4856-bf58-aa7314372224%22:%91%22header_2_text_color%22%93}\u00bb]<\/p>\n<h2 style=\"text-align: center;\">Zer egiten dugu<\/h2>\n<p>[\/et_pb_text][\/et_pb_column][\/et_pb_row][et_pb_row column_structure=\u00bb1_3,1_3,1_3&#8243; _builder_version=\u00bb4.23.1&#8243; _module_preset=\u00bbdefault\u00bb global_colors_info=\u00bb{}\u00bb][et_pb_column type=\u00bb1_3&#8243; _builder_version=\u00bb4.23.1&#8243; _module_preset=\u00bbdefault\u00bb global_colors_info=\u00bb{}\u00bb][et_pb_blurb title=\u00bbAsesorar\u00bb image=\u00bbhttps:\/\/www.equipare.com\/wp-content\/uploads\/2024\/02\/estrella.png\u00bb alt=\u00bbequipare igualdad feminismo\u00bb image_icon_width=\u00bb50px\u00bb _builder_version=\u00bb4.24.0&#8243; _module_preset=\u00bb2c513ce7-dbcd-4ec5-8edf-000909037b2b\u00bb global_colors_info=\u00bb{%22gcid-dae043d7-6ec3-4856-bf58-aa7314372224%22:%91%22header_text_color%22%93}\u00bb]<\/p>\n<p>Erakunde publikoei, enpresei, GGKE-ei eta hirugarren sektoreko erakundeei prozesuetan laguntzen diegu eta aholkularitza teknikoan aritzen gara honako arlo hauetan: feminismoa, berdintasuna, partaidetza eta garapenerako kooperazioa.\nIrakurri gehiago<\/p>\n<p>[\/et_pb_blurb][et_pb_button button_url=\u00bb@ET-DC@eyJkeW5hbWljIjp0cnVlLCJjb250ZW50IjoicG9zdF9saW5rX3VybF9wYWdlIiwic2V0dGluZ3MiOnsicG9zdF9pZCI6IjY3In19@\u00bb button_text=\u00bbleer m\u00e1s\u00bb button_alignment=\u00bbleft\u00bb _builder_version=\u00bb4.24.0&#8243; _dynamic_attributes=\u00bbbutton_url\u00bb _module_preset=\u00bbdefault\u00bb custom_button=\u00bbon\u00bb button_text_size=\u00bb14px\u00bb button_border_width=\u00bb0px\u00bb button_icon=\u00bb&#x45;||divi||400&#8243; custom_margin=\u00bb-30px|||51px|false|false\u00bb custom_margin_tablet=\u00bb|||85px|false|false\u00bb custom_margin_phone=\u00bb|||50px|false|false\u00bb custom_margin_last_edited=\u00bbon|phone\u00bb custom_padding=\u00bb||||false|false\u00bb custom_padding_tablet=\u00bb||||false|false\u00bb custom_padding_phone=\u00bb||||false|false\u00bb custom_padding_last_edited=\u00bbon|tablet\u00bb global_colors_info=\u00bb{}\u00bb][\/et_pb_button][\/et_pb_column][et_pb_column type=\u00bb1_3&#8243; _builder_version=\u00bb4.23.1&#8243; _module_preset=\u00bbdefault\u00bb global_colors_info=\u00bb{}\u00bb][et_pb_blurb title=\u00bbFormar\u00bb image=\u00bbhttps:\/\/www.equipare.com\/wp-content\/uploads\/2024\/02\/estrella.png\u00bb alt=\u00bbequipare igualdad feminismo\u00bb image_icon_width=\u00bb50px\u00bb _builder_version=\u00bb4.24.0&#8243; _module_preset=\u00bb2c513ce7-dbcd-4ec5-8edf-000909037b2b\u00bb global_colors_info=\u00bb{}\u00bb]<\/p>\n<p>Berdintasunaren eta feminismoen arloan trebakuntzak diseinatzen ditugu, betiere erakunde, enpresa edo erakunde publiko bakoitzaren beharretara eta testuingurura egokituta.<\/p>\n<p>[\/et_pb_blurb][et_pb_button button_url=\u00bb@ET-DC@eyJkeW5hbWljIjp0cnVlLCJjb250ZW50IjoicG9zdF9saW5rX3VybF9wYWdlIiwic2V0dGluZ3MiOnsicG9zdF9pZCI6Ijc2In19@\u00bb button_text=\u00bbleer m\u00e1s\u00bb button_alignment=\u00bbleft\u00bb _builder_version=\u00bb4.23.1&#8243; _dynamic_attributes=\u00bbbutton_url\u00bb _module_preset=\u00bbdefault\u00bb custom_button=\u00bbon\u00bb button_text_size=\u00bb14px\u00bb button_border_width=\u00bb0px\u00bb button_icon=\u00bb&#x45;||divi||400&#8243; custom_margin=\u00bb-30px|||51px|false|false\u00bb custom_margin_tablet=\u00bb|||85px|false|false\u00bb custom_margin_phone=\u00bb|||50px|false|false\u00bb custom_margin_last_edited=\u00bbon|phone\u00bb custom_padding=\u00bb||||false|false\u00bb custom_padding_tablet=\u00bb||||false|false\u00bb custom_padding_phone=\u00bb||||false|false\u00bb custom_padding_last_edited=\u00bbon|tablet\u00bb global_colors_info=\u00bb{}\u00bb][\/et_pb_button][\/et_pb_column][et_pb_column type=\u00bb1_3&#8243; _builder_version=\u00bb4.23.1&#8243; _module_preset=\u00bbdefault\u00bb global_colors_info=\u00bb{}\u00bb][et_pb_blurb title=\u00bbDinamizar procesos\u00bb image=\u00bbhttps:\/\/www.equipare.com\/wp-content\/uploads\/2024\/02\/estrella.png\u00bb alt=\u00bbequipare igualdad feminismo\u00bb image_icon_width=\u00bb50px\u00bb _builder_version=\u00bb4.24.0&#8243; _module_preset=\u00bb2c513ce7-dbcd-4ec5-8edf-000909037b2b\u00bb global_colors_info=\u00bb{}\u00bb]<\/p>\n<p>Ikuspegi sistemiko, feminista eta intersekzionaletik gizarte-, erkidego- eta erakunde-aldaketarako hausnarketa-, jabetze-, eta proposamen-guneak errazten ditugu.\u00a0<\/p>\n<p>[\/et_pb_blurb][et_pb_button button_url=\u00bb@ET-DC@eyJkeW5hbWljIjp0cnVlLCJjb250ZW50IjoicG9zdF9saW5rX3VybF9wYWdlIiwic2V0dGluZ3MiOnsicG9zdF9pZCI6IjgxIn19@\u00bb button_text=\u00bbleer m\u00e1s\u00bb button_alignment=\u00bbleft\u00bb _builder_version=\u00bb4.23.1&#8243; _dynamic_attributes=\u00bbbutton_url\u00bb _module_preset=\u00bbdefault\u00bb custom_button=\u00bbon\u00bb button_text_size=\u00bb14px\u00bb button_border_width=\u00bb0px\u00bb button_icon=\u00bb&#x45;||divi||400&#8243; custom_margin=\u00bb-30px|||51px|false|false\u00bb custom_margin_tablet=\u00bb|||85px|false|false\u00bb custom_margin_phone=\u00bb|||50px|false|false\u00bb custom_margin_last_edited=\u00bbon|phone\u00bb custom_padding=\u00bb||||false|false\u00bb custom_padding_tablet=\u00bb||||false|false\u00bb custom_padding_phone=\u00bb||||false|false\u00bb custom_padding_last_edited=\u00bbon|tablet\u00bb global_colors_info=\u00bb{}\u00bb][\/et_pb_button][\/et_pb_column][\/et_pb_row][et_pb_row _builder_version=\u00bb4.23.1&#8243; _module_preset=\u00bbdefault\u00bb global_colors_info=\u00bb{}\u00bb][et_pb_column type=\u00bb4_4&#8243; _builder_version=\u00bb4.23.1&#8243; _module_preset=\u00bbdefault\u00bb global_colors_info=\u00bb{}\u00bb][et_pb_button button_text=\u00bbVer nuestras publicaciones\u00bb button_alignment=\u00bbcenter\u00bb _builder_version=\u00bb4.24.0&#8243; _module_preset=\u00bbdefault\u00bb custom_button=\u00bbon\u00bb button_text_size=\u00bb14px\u00bb button_text_color=\u00bbgcid-dae043d7-6ec3-4856-bf58-aa7314372224&#8243; button_border_color=\u00bbgcid-dae043d7-6ec3-4856-bf58-aa7314372224&#8243; global_colors_info=\u00bb{%22gcid-dae043d7-6ec3-4856-bf58-aa7314372224%22:%91%22button_text_color%22,%22button_border_color%22%93,%22gcid-b4bf4daf-058d-4da9-b2a4-017d75bd4075%22:%91%22button_bg_color__hover%22,%22button_border_color__hover%22%93}\u00bb button_bg_color__hover_enabled=\u00bbon|hover\u00bb button_bg_color__hover=\u00bb#d0ffbb\u00bb button_bg_enable_color__hover=\u00bbon\u00bb button_border_color__hover_enabled=\u00bbon|hover\u00bb button_border_color__hover=\u00bb#d0ffbb\u00bb][\/et_pb_button][\/et_pb_column][\/et_pb_row][\/et_pb_section][et_pb_section fb_built=\u00bb1&#8243; admin_label=\u00bbHeader\u00bb module_id=\u00bbcomo_lo_hacemos\u00bb _builder_version=\u00bb4.24.0&#8243; background_color=\u00bbgcid-2f586ed0-d58a-4677-a7b7-83e9cd68d9f5&#8243; background_enable_image=\u00bboff\u00bb background_size=\u00bbinitial\u00bb background_enable_video_mp4=\u00bboff\u00bb custom_padding=\u00bb4vh||6vh||false|false\u00bb background_last_edited=\u00bboff|tablet\u00bb use_background_color_gradient_tablet=\u00bbon\u00bb use_background_color_gradient_phone=\u00bbon\u00bb background_color_gradient_stops_tablet=\u00bb#efefef 73%|#e9e7e8 73%\u00bb background_color_gradient_stops_phone=\u00bb#efefef 100%|#e9e7e8 100%\u00bb background_color_gradient_start_tablet=\u00bb#efefef\u00bb background_color_gradient_start_position_tablet=\u00bb73%\u00bb background_color_gradient_start_position_phone=\u00bb100%\u00bb background_position_tablet=\u00bbtop_left\u00bb locked=\u00bboff\u00bb global_colors_info=\u00bb{%22gcid-dae043d7-6ec3-4856-bf58-aa7314372224%22:%91%22bottom_divider_color%22,%22background_color_gradient_stops%22%93,%22gcid-2f586ed0-d58a-4677-a7b7-83e9cd68d9f5%22:%91%22background_color_gradient_stops%22,%22background_color%22%93,%22gcid-d5b29f3d-41f4-4e6a-b0cb-2e2b9b986d54%22:%91%22background_color_gradient_stops%22%93}\u00bb][et_pb_row _builder_version=\u00bb4.23.1&#8243; _module_preset=\u00bbdefault\u00bb global_colors_info=\u00bb{}\u00bb][et_pb_column type=\u00bb4_4&#8243; _builder_version=\u00bb4.23.1&#8243; _module_preset=\u00bbdefault\u00bb global_colors_info=\u00bb{}\u00bb][et_pb_text _builder_version=\u00bb4.24.2&#8243; _module_preset=\u00bb9005f7c2-c216-456a-9686-c2c48e86cc24&#8243; text_text_color=\u00bbgcid-b4bf4daf-058d-4da9-b2a4-017d75bd4075&#8243; header_text_align=\u00bbcenter\u00bb header_2_text_align=\u00bbcenter\u00bb text_orientation=\u00bbcenter\u00bb global_colors_info=\u00bb{%22gcid-b4bf4daf-058d-4da9-b2a4-017d75bd4075%22:%91%22text_text_color%22%93}\u00bb]<\/p>\n<h2>Nola egiten dugu<\/h2>\n<p>Honako hauek dira gure aditz gustukoenak<\/p>\n<p>[\/et_pb_text][\/et_pb_column][\/et_pb_row][et_pb_row column_structure=\u00bb1_3,1_3,1_3&#8243; _builder_version=\u00bb4.16&#8243; custom_margin=\u00bb|auto||auto||\u00bb use_custom_width=\u00bbon\u00bb width_unit=\u00bboff\u00bb custom_width_percent=\u00bb100%\u00bb locked=\u00bboff\u00bb global_colors_info=\u00bb{}\u00bb][et_pb_column type=\u00bb1_3&#8243; _builder_version=\u00bb4.16&#8243; custom_padding=\u00bb|||\u00bb global_colors_info=\u00bb{}\u00bb custom_padding__hover=\u00bb|||\u00bb][et_pb_blurb title=\u00bbParticipar\u00bb image=\u00bbhttps:\/\/www.equipare.com\/wp-content\/uploads\/2024\/02\/ICONOS-EQUIPARE-verde-participar.png\u00bb alt=\u00bbequipare participacion feminismo igualdad\u00bb _builder_version=\u00bb4.24.0&#8243; _module_preset=\u00bb251d91c2-922f-4cc1-a618-3dcda2211eaa\u00bb global_colors_info=\u00bb{%22gcid-dae043d7-6ec3-4856-bf58-aa7314372224%22:%91%22header_text_color%22%93}\u00bb]<\/p>\n<p>Pertsonen partaidetza bilatzen dugu, eman nahi diren prozesuen eta aldaketen protagonistak direlakoan.\u00a0<\/p>\n<p>[\/et_pb_blurb][\/et_pb_column][et_pb_column type=\u00bb1_3&#8243; _builder_version=\u00bb4.16&#8243; custom_padding=\u00bb|||\u00bb global_colors_info=\u00bb{}\u00bb custom_padding__hover=\u00bb|||\u00bb][et_pb_blurb title=\u00bbCooperar\u00bb image=\u00bbhttps:\/\/www.equipare.com\/wp-content\/uploads\/2024\/02\/ICONOS-EQUIPARE-verde-cooperar.png\u00bb alt=\u00bbequipare participacion feminismo igualdad\u00bb _builder_version=\u00bb4.24.0&#8243; _module_preset=\u00bb251d91c2-922f-4cc1-a618-3dcda2211eaa\u00bb global_colors_info=\u00bb{}\u00bb]<\/p>\n<p>Sarean lan egiten dugu gure ingurunean eragin handiagoa lortzeko eta beste erakunde batzuekin ikaskuntzak eta ezagutzak sortzeko. Horregatik, besteak beste <strong>REAS EUSKADI sarean (Ekonomia Alternatibo eta Solidarioaren Sarea) gaude<\/strong>.<\/p>\n<p>[\/et_pb_blurb][\/et_pb_column][et_pb_column type=\u00bb1_3&#8243; _builder_version=\u00bb4.16&#8243; custom_padding=\u00bb|||\u00bb global_colors_info=\u00bb{}\u00bb custom_padding__hover=\u00bb|||\u00bb][et_pb_blurb title=\u00bbTransformar\u00bb image=\u00bbhttps:\/\/www.equipare.com\/wp-content\/uploads\/2024\/02\/ICONOS-EQUIPARE-verde-transformar.png\u00bb alt=\u00bbequipare participacion feminismo igualdad\u00bb _builder_version=\u00bb4.24.0&#8243; _module_preset=\u00bb251d91c2-922f-4cc1-a618-3dcda2211eaa\u00bb global_colors_info=\u00bb{}\u00bb]Damos pasos peque\u00f1os para lograr cambios profundos teniendo en cuenta la perspectiva feminista e interseccional. Adaptamos cada proceso y los servicios a la realidad y necesidades de cada cliente.[\/et_pb_blurb][\/et_pb_column][\/et_pb_row][\/et_pb_section][et_pb_section fb_built=\u00bb1&#8243; admin_label=\u00bbFooter\u00bb module_id=\u00bbcontacto\u00bb _builder_version=\u00bb4.23.1&#8243; background_size=\u00bbinitial\u00bb background_repeat=\u00bbrepeat-y\u00bb custom_padding=\u00bb0vh||0vh||true|false\u00bb global_module=\u00bb63&#8243; saved_tabs=\u00bball\u00bb locked=\u00bboff\u00bb global_colors_info=\u00bb{}\u00bb][et_pb_row use_custom_gutter=\u00bbon\u00bb _builder_version=\u00bb4.23.1&#8243; custom_margin=\u00bb|auto|10px|auto|false|false\u00bb global_colors_info=\u00bb{}\u00bb][et_pb_column type=\u00bb4_4&#8243; _builder_version=\u00bb4.23.1&#8243; custom_padding=\u00bb30px||||false|false\u00bb border_color_all=\u00bb#000000&#8243; border_color_top=\u00bb#8300E9&#8243; global_colors_info=\u00bb{}\u00bb custom_padding__hover=\u00bb|||\u00bb][et_pb_text module_class=\u00bbtrabajamos_red\u00bb _builder_version=\u00bb4.24.0&#8243; _module_preset=\u00bb9005f7c2-c216-456a-9686-c2c48e86cc24&#8243; header_2_text_align=\u00bbcenter\u00bb header_2_text_color=\u00bbgcid-dae043d7-6ec3-4856-bf58-aa7314372224&#8243; locked=\u00bboff\u00bb global_colors_info=\u00bb{%22gcid-dae043d7-6ec3-4856-bf58-aa7314372224%22:%91%22header_2_text_color%22%93}\u00bb]<\/p>\n<h2>Sarean lan egiten dugu<\/h2>\n<ul>\n<li><img loading=\"lazy\" decoding=\"async\" src=\"https:\/\/www.equipare.com\/wp-content\/uploads\/2023\/12\/2021-07-27-300x144.png\" alt=\"reas euskadi\" class=\"wp-image-60 alignnone size-medium\" width=\"300\" height=\"144\" \/><\/li>\n<li><img loading=\"lazy\" decoding=\"async\" src=\"https:\/\/www.equipare.com\/wp-content\/uploads\/2023\/12\/Screenshot-2023-12-13-at-21-46-24-MERKATU-SOZIALAREN-ESKAINTZA-BILATZAILEA.png\" alt=\"merkatu soziala\" class=\"wp-image-279 alignnone size-full\" width=\"249\" height=\"90\" \/><\/li>\n<li><a href=\"https:\/\/www.equipare.com\/wp-content\/uploads\/2024\/02\/Infografia.pdf\" target=\"_blank\" rel=\"noopener\" title=\"auditoria social\"><img loading=\"lazy\" decoding=\"async\" src=\"https:\/\/www.equipare.com\/wp-content\/uploads\/2024\/02\/Sello-2-300x107.png\" alt=\"auditoria social\" class=\"wp-image-395 alignnone size-medium\" width=\"300\" height=\"107\" \/><\/a><a href=\"https:\/\/www.equipare.com\/wp-content\/uploads\/2024\/02\/Infografia.pdf\" rel=\"attachment wp-att-396\"><\/a><\/li>\n<\/ul>\n<p>[\/et_pb_text][et_pb_text _builder_version=\u00bb4.24.0&#8243; header_3_text_align=\u00bbcenter\u00bb header_3_text_color=\u00bbgcid-dae043d7-6ec3-4856-bf58-aa7314372224&#8243; header_3_font_size=\u00bb16px\u00bb module_alignment=\u00bbcenter\u00bb locked=\u00bboff\u00bb global_colors_info=\u00bb{%22gcid-dae043d7-6ec3-4856-bf58-aa7314372224%22:%91%22header_3_text_color%22%93}\u00bb]<\/p>\n<h3>EMAKUNDE-Emakumearen Euskal Erakundeak homologatu gaitu<\/h3>\n<p>[\/et_pb_text][et_pb_image src=\u00bbhttps:\/\/www.equipare.com\/wp-content\/uploads\/2023\/12\/u72-logo-presentacion.png\u00bb alt=\u00bbEMAKUNDE-Instituto Vasco de la Mujer\u00bb title_text=\u00bbu72-logo-presentacion\u00bb _builder_version=\u00bb4.24.0&#8243; _module_preset=\u00bbdefault\u00bb width=\u00bb70px\u00bb width_tablet=\u00bb50px\u00bb width_phone=\u00bb49px\u00bb width_last_edited=\u00bbon|phone\u00bb module_alignment=\u00bbcenter\u00bb global_colors_info=\u00bb{}\u00bb][\/et_pb_image][\/et_pb_column][\/et_pb_row][et_pb_row _builder_version=\u00bb4.24.0&#8243; _module_preset=\u00bbdefault\u00bb background_enable_color=\u00bboff\u00bb width=\u00bb100%\u00bb max_width=\u00bb100%\u00bb global_colors_info=\u00bb{%22gcid-b4bf4daf-058d-4da9-b2a4-017d75bd4075%22:%91%22background_color%22%93}\u00bb][et_pb_column type=\u00bb4_4&#8243; _builder_version=\u00bb4.24.0&#8243; _module_preset=\u00bbdefault\u00bb global_colors_info=\u00bb{}\u00bb][et_pb_text _builder_version=\u00bb4.24.0&#8243; header_3_text_align=\u00bbcenter\u00bb header_3_text_color=\u00bbgcid-de9bdafd-6f68-48b4-866a-50d7e28afe1c\u00bb header_3_font_size=\u00bb16px\u00bb background_color=\u00bbgcid-b4bf4daf-058d-4da9-b2a4-017d75bd4075&#8243; module_alignment=\u00bbcenter\u00bb custom_padding=\u00bb20px||10px||false|false\u00bb locked=\u00bboff\u00bb global_colors_info=\u00bb{%22gcid-b4bf4daf-058d-4da9-b2a4-017d75bd4075%22:%91%22background_color%22%93,%22gcid-de9bdafd-6f68-48b4-866a-50d7e28afe1c%22:%91%22header_3_text_color%22%93}\u00bb]<\/p>\n<h3>Honako hauekin lan egin dugu<\/h3>\n<p>[\/et_pb_text][lwp_image_carousel gallery_ids=\u00bb402,403,405,406,407,408,409,410,411,401,413,404,412,414,415,416,417,418,419,420,421,422,423,424,425,426,427,428,429,430,431,432,433,434,435,436,437,438,439,440,441,442,443,444&#8243; slides_show=\u00bb6&#8243; slides_scroll=\u00bb6&#8243; show_dots=\u00bboff\u00bb autoplay_animation=\u00bbon\u00bb autoplay_animation_speed=\u00bb3000ms\u00bb slide_animation_speed=\u00bb1000ms\u00bb arrow_color=\u00bbgcid-dae043d7-6ec3-4856-bf58-aa7314372224&#8243; vertical_layout=\u00bboff\u00bb module_class=\u00bbclientes\u00bb _builder_version=\u00bb4.24.0&#8243; _module_preset=\u00bbdefault\u00bb background_color=\u00bb#FFFFFF\u00bb width=\u00bb90%\u00bb module_alignment=\u00bbcenter\u00bb custom_margin=\u00bb30px||30px||true|false\u00bb custom_css_free_form=\u00bb.clientes .slick-slide img{|| object-fit:contain;||  height:60px;||  margin:0 auto;||}\u00bb global_colors_info=\u00bb{%22gcid-dae043d7-6ec3-4856-bf58-aa7314372224%22:%91%22arrow_color%22%93}\u00bb][\/lwp_image_carousel][\/et_pb_column][\/et_pb_row][et_pb_row _builder_version=\u00bb4.24.2&#8243; _module_preset=\u00bbdefault\u00bb background_color=\u00bbgcid-2f586ed0-d58a-4677-a7b7-83e9cd68d9f5&#8243; background_image=\u00bbhttps:\/\/www.equipare.com\/wp-content\/uploads\/2024\/03\/equipare_paralax-3.png\u00bb parallax=\u00bbon\u00bb parallax_method=\u00bboff\u00bb width=\u00bb100%\u00bb max_width=\u00bb100%\u00bb custom_padding=\u00bb8vh||8vh||true|false\u00bb global_colors_info=\u00bb{%22gcid-2f586ed0-d58a-4677-a7b7-83e9cd68d9f5%22:%91%22background_color%22%93}\u00bb][et_pb_column type=\u00bb4_4&#8243; _builder_version=\u00bb4.24.2&#8243; _module_preset=\u00bbdefault\u00bb global_colors_info=\u00bb{}\u00bb][et_pb_text _builder_version=\u00bb4.24.2&#8243; _module_preset=\u00bbdefault\u00bb text_text_color=\u00bbgcid-dae043d7-6ec3-4856-bf58-aa7314372224&#8243; link_font=\u00bb|700|||||||\u00bb link_text_color=\u00bbgcid-dae043d7-6ec3-4856-bf58-aa7314372224&#8243; link_font_size=\u00bb30px\u00bb text_orientation=\u00bbcenter\u00bb global_colors_info=\u00bb{%22gcid-dae043d7-6ec3-4856-bf58-aa7314372224%22:%91%22text_text_color%22,%22link_text_color%22%93}\u00bb]<\/p>\n<h2>Jarri harremanetan gurekin<\/h2>\n<p>[\/et_pb_text][et_pb_text _builder_version=\u00bb4.24.2&#8243; _module_preset=\u00bbdefault\u00bb text_text_color=\u00bbgcid-dae043d7-6ec3-4856-bf58-aa7314372224&#8243; link_font=\u00bb|700|||||||\u00bb link_text_color=\u00bbgcid-dae043d7-6ec3-4856-bf58-aa7314372224&#8243; link_font_size=\u00bb38px\u00bb text_orientation=\u00bbcenter\u00bb global_colors_info=\u00bb{%22gcid-dae043d7-6ec3-4856-bf58-aa7314372224%22:%91%22text_text_color%22,%22link_text_color%22%93}\u00bb]<\/p>\n<p><a href=\"mailto:info@equipare.com\">info@equipare.com<\/a><\/p>\n<p>[\/et_pb_text][et_pb_text _builder_version=\u00bb4.24.2&#8243; _module_preset=\u00bbdefault\u00bb text_text_color=\u00bbgcid-dae043d7-6ec3-4856-bf58-aa7314372224&#8243; text_font_size=\u00bb24px\u00bb text_line_height=\u00bb1.4em\u00bb link_font=\u00bb|700|||||||\u00bb link_text_color=\u00bbgcid-dae043d7-6ec3-4856-bf58-aa7314372224&#8243; link_font_size=\u00bb30px\u00bb text_orientation=\u00bbcenter\u00bb global_colors_info=\u00bb{%22gcid-dae043d7-6ec3-4856-bf58-aa7314372224%22:%91%22text_text_color%22,%22link_text_color%22%93}\u00bb]<\/p>\n<p>Ekonopolon gaude\u00a0<br \/>Harrobi plaza 4, Bilbo<\/p>\n<p>[\/et_pb_text][et_pb_social_media_follow icon_color=\u00bbgcid-dae043d7-6ec3-4856-bf58-aa7314372224&#8243; use_icon_font_size=\u00bbon\u00bb icon_font_size=\u00bb30px\u00bb _builder_version=\u00bb4.24.2&#8243; _module_preset=\u00bbdefault\u00bb text_orientation=\u00bbcenter\u00bb global_colors_info=\u00bb{%22gcid-dae043d7-6ec3-4856-bf58-aa7314372224%22:%91%22icon_color%22%93}\u00bb][et_pb_social_media_follow_network social_network=\u00bblinkedin\u00bb url=\u00bbhttps:\/\/es.linkedin.com\/company\/equipare-koop.elk.txikia-iniciativa-social-\u00bb _builder_version=\u00bb4.24.2&#8243; _module_preset=\u00bbdefault\u00bb background_enable_color=\u00bboff\u00bb global_colors_info=\u00bb{}\u00bb follow_button=\u00bboff\u00bb url_new_window=\u00bbon\u00bb]linkedin[\/et_pb_social_media_follow_network][\/et_pb_social_media_follow][\/et_pb_column][\/et_pb_row][\/et_pb_section]<\/p>","protected":false},"excerpt":{"rendered":"<p>equipareAsesoramos en igualdad y acompa\u00f1amos procesos de cambio con mirada feministaAcompa\u00f1amos, asesoramos\u00a0 y formamos a administraciones p\u00fablicas, ONGDs, entidades del tercer sector o empresas en proyectos relacionados con los feminismos, la igualdad, la participaci\u00f3n y la cooperaci\u00f3n al desarrollo.Participaci\u00f3nFeminismos e igualdadCooperaci\u00f3n al desarrolloQuienes somosSomos una peque\u00f1a cooperativa de iniciativa social creada en 2012. Desde el [&hellip;]<\/p>","protected":false},"author":2,"featured_media":0,"parent":0,"menu_order":0,"comment_status":"closed","ping_status":"closed","template":"","meta":{"_et_pb_use_builder":"on","_et_pb_old_content":"<!-- wp:divi\/placeholder \/-->","_et_gb_content_width":"","footnotes":""},"class_list":["post-10","page","type-page","status-publish","hentry"],"yoast_head":"<!-- This site is optimized with the Yoast SEO plugin v27.5 - https:\/\/yoast.com\/product\/yoast-seo-wordpress\/ -->\n<title>Equipare - Equipare<\/title>\n<meta name=\"robots\" content=\"index, follow, max-snippet:-1, max-image-preview:large, max-video-preview:-1\" \/>\n<link rel=\"canonical\" href=\"https:\/\/www.equipare.com\/eu\/\" \/>\n<meta property=\"og:locale\" content=\"en_US\" \/>\n<meta property=\"og:type\" content=\"article\" \/>\n<meta property=\"og:title\" content=\"Equipare - Equipare\" \/>\n<meta property=\"og:description\" content=\"equipareAsesoramos en igualdad y acompa\u00f1amos procesos de cambio con mirada feministaAcompa\u00f1amos, asesoramos\u00a0 y formamos a administraciones p\u00fablicas, ONGDs, entidades del tercer sector o empresas en proyectos relacionados con los feminismos, la igualdad, la participaci\u00f3n y la cooperaci\u00f3n al desarrollo.Participaci\u00f3nFeminismos e igualdadCooperaci\u00f3n al desarrolloQuienes somosSomos una peque\u00f1a cooperativa de iniciativa social creada en 2012. Desde el [&hellip;]\" \/>\n<meta property=\"og:url\" content=\"https:\/\/www.equipare.com\/eu\/\" \/>\n<meta property=\"og:site_name\" content=\"Equipare\" \/>\n<meta property=\"article:modified_time\" content=\"2024-03-25T11:10:39+00:00\" \/>\n<meta property=\"og:image\" content=\"https:\/\/www.equipare.com\/wp-content\/uploads\/2023\/12\/2021-07-27-300x144.png\" \/>\n<meta name=\"twitter:card\" content=\"summary_large_image\" \/>\n<script type=\"application\/ld+json\" class=\"yoast-schema-graph\">{\"@context\":\"https:\\\/\\\/schema.org\",\"@graph\":[{\"@type\":\"WebPage\",\"@id\":\"https:\\\/\\\/www.equipare.com\\\/\",\"url\":\"https:\\\/\\\/www.equipare.com\\\/\",\"name\":\"Equipare - Equipare\",\"isPartOf\":{\"@id\":\"https:\\\/\\\/www.equipare.com\\\/#website\"},\"primaryImageOfPage\":{\"@id\":\"https:\\\/\\\/www.equipare.com\\\/#primaryimage\"},\"image\":{\"@id\":\"https:\\\/\\\/www.equipare.com\\\/#primaryimage\"},\"thumbnailUrl\":\"https:\\\/\\\/www.equipare.com\\\/wp-content\\\/uploads\\\/2023\\\/12\\\/2021-07-27-300x144.png\",\"datePublished\":\"2023-11-30T14:41:31+00:00\",\"dateModified\":\"2024-03-25T11:10:39+00:00\",\"breadcrumb\":{\"@id\":\"https:\\\/\\\/www.equipare.com\\\/#breadcrumb\"},\"inLanguage\":\"eu\",\"potentialAction\":[{\"@type\":\"ReadAction\",\"target\":[\"https:\\\/\\\/www.equipare.com\\\/\"]}]},{\"@type\":\"ImageObject\",\"inLanguage\":\"eu\",\"@id\":\"https:\\\/\\\/www.equipare.com\\\/#primaryimage\",\"url\":\"https:\\\/\\\/www.equipare.com\\\/wp-content\\\/uploads\\\/2023\\\/12\\\/2021-07-27-300x144.png\",\"contentUrl\":\"https:\\\/\\\/www.equipare.com\\\/wp-content\\\/uploads\\\/2023\\\/12\\\/2021-07-27-300x144.png\"},{\"@type\":\"BreadcrumbList\",\"@id\":\"https:\\\/\\\/www.equipare.com\\\/#breadcrumb\",\"itemListElement\":[{\"@type\":\"ListItem\",\"position\":1,\"name\":\"Portada\",\"item\":\"https:\\\/\\\/www.equipare.com\\\/\"},{\"@type\":\"ListItem\",\"position\":2,\"name\":\"Equipare\"}]},{\"@type\":\"WebSite\",\"@id\":\"https:\\\/\\\/www.equipare.com\\\/#website\",\"url\":\"https:\\\/\\\/www.equipare.com\\\/\",\"name\":\"Equipare\",\"description\":\"\",\"publisher\":{\"@id\":\"https:\\\/\\\/www.equipare.com\\\/#organization\"},\"potentialAction\":[{\"@type\":\"SearchAction\",\"target\":{\"@type\":\"EntryPoint\",\"urlTemplate\":\"https:\\\/\\\/www.equipare.com\\\/?s={search_term_string}\"},\"query-input\":{\"@type\":\"PropertyValueSpecification\",\"valueRequired\":true,\"valueName\":\"search_term_string\"}}],\"inLanguage\":\"eu\"},{\"@type\":\"Organization\",\"@id\":\"https:\\\/\\\/www.equipare.com\\\/#organization\",\"name\":\"Equipare\",\"url\":\"https:\\\/\\\/www.equipare.com\\\/\",\"logo\":{\"@type\":\"ImageObject\",\"inLanguage\":\"eu\",\"@id\":\"https:\\\/\\\/www.equipare.com\\\/#\\\/schema\\\/logo\\\/image\\\/\",\"url\":\"https:\\\/\\\/www.equipare.com\\\/wp-content\\\/uploads\\\/2023\\\/11\\\/equipare_logo.png\",\"contentUrl\":\"https:\\\/\\\/www.equipare.com\\\/wp-content\\\/uploads\\\/2023\\\/11\\\/equipare_logo.png\",\"width\":680,\"height\":387,\"caption\":\"Equipare\"},\"image\":{\"@id\":\"https:\\\/\\\/www.equipare.com\\\/#\\\/schema\\\/logo\\\/image\\\/\"}}]}<\/script>\n<!-- \/ Yoast SEO plugin. -->","yoast_head_json":{"title":"Equipare - Equipare","robots":{"index":"index","follow":"follow","max-snippet":"max-snippet:-1","max-image-preview":"max-image-preview:large","max-video-preview":"max-video-preview:-1"},"canonical":"https:\/\/www.equipare.com\/eu\/","og_locale":"en_US","og_type":"article","og_title":"Equipare - Equipare","og_description":"equipareAsesoramos en igualdad y acompa\u00f1amos procesos de cambio con mirada feministaAcompa\u00f1amos, asesoramos\u00a0 y formamos a administraciones p\u00fablicas, ONGDs, entidades del tercer sector o empresas en proyectos relacionados con los feminismos, la igualdad, la participaci\u00f3n y la cooperaci\u00f3n al desarrollo.Participaci\u00f3nFeminismos e igualdadCooperaci\u00f3n al desarrolloQuienes somosSomos una peque\u00f1a cooperativa de iniciativa social creada en 2012. Desde el [&hellip;]","og_url":"https:\/\/www.equipare.com\/eu\/","og_site_name":"Equipare","article_modified_time":"2024-03-25T11:10:39+00:00","og_image":[{"url":"https:\/\/www.equipare.com\/wp-content\/uploads\/2023\/12\/2021-07-27-300x144.png","type":"","width":"","height":""}],"twitter_card":"summary_large_image","schema":{"@context":"https:\/\/schema.org","@graph":[{"@type":"WebPage","@id":"https:\/\/www.equipare.com\/","url":"https:\/\/www.equipare.com\/","name":"Equipare - Equipare","isPartOf":{"@id":"https:\/\/www.equipare.com\/#website"},"primaryImageOfPage":{"@id":"https:\/\/www.equipare.com\/#primaryimage"},"image":{"@id":"https:\/\/www.equipare.com\/#primaryimage"},"thumbnailUrl":"https:\/\/www.equipare.com\/wp-content\/uploads\/2023\/12\/2021-07-27-300x144.png","datePublished":"2023-11-30T14:41:31+00:00","dateModified":"2024-03-25T11:10:39+00:00","breadcrumb":{"@id":"https:\/\/www.equipare.com\/#breadcrumb"},"inLanguage":"eu","potentialAction":[{"@type":"ReadAction","target":["https:\/\/www.equipare.com\/"]}]},{"@type":"ImageObject","inLanguage":"eu","@id":"https:\/\/www.equipare.com\/#primaryimage","url":"https:\/\/www.equipare.com\/wp-content\/uploads\/2023\/12\/2021-07-27-300x144.png","contentUrl":"https:\/\/www.equipare.com\/wp-content\/uploads\/2023\/12\/2021-07-27-300x144.png"},{"@type":"BreadcrumbList","@id":"https:\/\/www.equipare.com\/#breadcrumb","itemListElement":[{"@type":"ListItem","position":1,"name":"Portada","item":"https:\/\/www.equipare.com\/"},{"@type":"ListItem","position":2,"name":"Equipare"}]},{"@type":"WebSite","@id":"https:\/\/www.equipare.com\/#website","url":"https:\/\/www.equipare.com\/","name":"Equipare","description":"","publisher":{"@id":"https:\/\/www.equipare.com\/#organization"},"potentialAction":[{"@type":"SearchAction","target":{"@type":"EntryPoint","urlTemplate":"https:\/\/www.equipare.com\/?s={search_term_string}"},"query-input":{"@type":"PropertyValueSpecification","valueRequired":true,"valueName":"search_term_string"}}],"inLanguage":"eu"},{"@type":"Organization","@id":"https:\/\/www.equipare.com\/#organization","name":"Equipare","url":"https:\/\/www.equipare.com\/","logo":{"@type":"ImageObject","inLanguage":"eu","@id":"https:\/\/www.equipare.com\/#\/schema\/logo\/image\/","url":"https:\/\/www.equipare.com\/wp-content\/uploads\/2023\/11\/equipare_logo.png","contentUrl":"https:\/\/www.equipare.com\/wp-content\/uploads\/2023\/11\/equipare_logo.png","width":680,"height":387,"caption":"Equipare"},"image":{"@id":"https:\/\/www.equipare.com\/#\/schema\/logo\/image\/"}}]}},"_links":{"self":[{"href":"https:\/\/www.equipare.com\/eu\/wp-json\/wp\/v2\/pages\/10","targetHints":{"allow":["GET"]}}],"collection":[{"href":"https:\/\/www.equipare.com\/eu\/wp-json\/wp\/v2\/pages"}],"about":[{"href":"https:\/\/www.equipare.com\/eu\/wp-json\/wp\/v2\/types\/page"}],"author":[{"embeddable":true,"href":"https:\/\/www.equipare.com\/eu\/wp-json\/wp\/v2\/users\/2"}],"replies":[{"embeddable":true,"href":"https:\/\/www.equipare.com\/eu\/wp-json\/wp\/v2\/comments?post=10"}],"version-history":[{"count":126,"href":"https:\/\/www.equipare.com\/eu\/wp-json\/wp\/v2\/pages\/10\/revisions"}],"predecessor-version":[{"id":912,"href":"https:\/\/www.equipare.com\/eu\/wp-json\/wp\/v2\/pages\/10\/revisions\/912"}],"wp:attachment":[{"href":"https:\/\/www.equipare.com\/eu\/wp-json\/wp\/v2\/media?parent=10"}],"curies":[{"name":"wp","href":"https:\/\/api.w.org\/{rel}","templated":true}]}}